{"id":398,"date":"2023-11-30T15:29:39","date_gmt":"2023-11-30T14:29:39","guid":{"rendered":"https:\/\/dev.saller-bau.com\/?page_id=398"},"modified":"2025-05-23T11:53:09","modified_gmt":"2025-05-23T09:53:09","slug":"odtlacok","status":"publish","type":"page","link":"https:\/\/saller-leasing.com\/sk\/odtlacok\/","title":{"rendered":"Odtla\u010dok"},"content":{"rendered":"\n<p class=\"has-text-color has-link-color wp-elements-17551781f8668119cd7235b3625a6fce\" style=\"color:#00305b\"><strong>Saller Dienstleistungs GmbH<\/strong><br>In der Buttergrube 9<br>99428 Weimar\u2013Legefeld<\/p>\n\n\n\n<p>Saller Dienstleistungs GmbH zastupuje: V\u00fdkonn\u00fd riadite\u013e Josef Saller<\/p>\n\n\n\n<p><br>telef\u00f3n: +49 (0) 36 43 \/ 86 74 900<br>Fax: +49 9426 \/ 80 35 51<br>E-mail:&nbsp;<a href=\"mailto:info@schambeck-group.com\"><\/a><a href=\"mailto:info@www.saller-bau.com\">info@saller-bau.com<\/a><br><\/p>\n\n\n\n<p>Register jurisdikcie: Amtsgericht Jena<br>Obchodn\u00fd register<br>Registra\u010dn\u00e9 \u010d\u00edslo: HRB 516291<br>VAT-Id:DE 327 394 002<\/p>\n\n\n\n<h5 class=\"wp-block-heading has-text-color has-link-color wp-elements-38019839d564f31be43f93c01a21a8f1\" style=\"color:#00305b\">Pr\u00e1vne inform\u00e1cie<\/h5>\n\n\n\n<p>Pou\u017e\u00edvan\u00edm t\u00fdchto internetov\u00fdch str\u00e1nok vyjadrujete svoj s\u00fahlas s na\u0161imi Podmienkami pou\u017e\u00edvania a \u010fal\u0161\u00edmi platn\u00fdmi \u00fapravami webu. Pros\u00edme, pozorne si pre\u010d\u00edtajte na\u0161e Podmienky pou\u017e\u00edvania. Plat\u00ed pre v\u0161etky n\u00e1v\u0161tevy a pou\u017e\u00edvanie internetov\u00fdch str\u00e1nok, ako aj pre obsah, \u00fadaje, odpor\u00fa\u010dania a\/alebo v\u00fdkony, ktor\u00e9 na t\u00fdchto str\u00e1nkach z\u00edskate alebo prostredn\u00edctvom nich. Ak s t\u00fdmito Podmienkami pou\u017e\u00edvania nes\u00fahlas\u00edte, opustite pros\u00edm na\u0161e internetov\u00e9 str\u00e1nky.<\/p>\n\n\n\n<p>Internetov\u00e9 str\u00e1nky s\u00fa na\u0161\u00edm vlastn\u00edctvom \u2013 v\u0161etky prvky s\u00fa pr\u00e1vne chr\u00e1nen\u00e9. Kop\u00edrovanie a ak\u00e9ko\u013evek in\u00e9 pou\u017e\u00edvanie v\u0161etk\u00e9ho obsahu bez n\u00e1\u0161ho v\u00fdslovn\u00e9ho s\u00fahlasu nie je dovolen\u00e9. Nezaru\u010dujeme presnos\u0165, aktu\u00e1lnos\u0165 a \u00faplnos\u0165 v\u0161etk\u00fdch \u00fadajov a obsahov, rovnako ako nepretr\u017eit\u00e9 a bezchybn\u00e9 fungovanie t\u00fdchto str\u00e1nok. Vyhradzujeme si pr\u00e1vo kedyko\u013evek tieto str\u00e1nky alebo ich \u010dasti odstr\u00e1ni\u0165 z internetu.<\/p>\n\n\n\n<p>Nie je dovolen\u00e9 pou\u017e\u00edva\u0165 na\u0161e str\u00e1nky na rozosielanie alebo prenos materi\u00e1lov, ktor\u00e9 s\u00fa alebo by mohli by\u0165 hroziv\u00e9, poru\u0161uj\u00face pr\u00e1va, nespr\u00e1vne, zav\u00e1dzaj\u00face, poburuj\u00face, hanliv\u00e9, nar\u00fa\u0161aj\u00face s\u00fakromie, obsc\u00e9nne, pornografick\u00e9, ur\u00e1\u017eliv\u00e9, diskrimina\u010dn\u00e9, protiz\u00e1konn\u00e9, ktor\u00e9 by mohli by\u0165 pova\u017eovan\u00e9 za trestn\u00fd \u010din alebo podnecovanie k trestn\u00e9mu \u010dinu, ktor\u00e9 poru\u0161uj\u00fa pr\u00e1va tretej strany alebo in\u00fdm sp\u00f4sobom zakladaj\u00fa d\u00f4vod na ob\u010dianskopr\u00e1vnu zodpovednos\u0165, alebo poru\u0161uj\u00fa ak\u00e9ko\u013evek z\u00e1kony. Kop\u00edrovanie, distrib\u00facia, ukladanie, rozosielanie a reprodukcia \u010di poskytovanie obsahu je bez n\u00e1\u0161ho p\u00edsomn\u00e9ho s\u00fahlasu v\u00fdslovne zak\u00e1zan\u00e9. \u010eal\u0161ie inform\u00e1cie n\u00e1jdete na vy\u0161\u0161ie uvedenej adrese.<\/p>\n\n\n\n<p>Odkazy na extern\u00e9 internetov\u00e9 str\u00e1nky nie s\u00fa v na\u0161ej zodpovednosti \u2013 nepreber\u00e1me zodpovednos\u0165 za obsah ani \u010dinnosti na t\u00fdchto str\u00e1nkach. V\u00fdslovne vyhlasujeme, \u017ee nem\u00e1me \u017eiadny vplyv na vzh\u013ead a obsah odkazovan\u00fdch str\u00e1nok. Preto sa v\u00fdslovne di\u0161tancujeme od v\u0161etk\u00fdch obsahov v\u0161etk\u00fdch str\u00e1nok odkazovan\u00fdch na na\u0161ich internetov\u00fdch str\u00e1nkach, vr\u00e1tane v\u0161etk\u00fdch podstr\u00e1nok a ich \u010fal\u0161\u00edch odkazov alebo in\u00fdch mechanizmov presmerovania. Toto vyhl\u00e1senie plat\u00ed pre v\u0161etky odkazy umiestnen\u00e9 na tejto domovskej str\u00e1nke a pre v\u0161etky obsahy str\u00e1nok, na ktor\u00e9 ved\u00fa odkazy, bannery alebo in\u00e9 prepojenia. Va\u0161a n\u00e1v\u0161teva\/pr\u00edstup na tieto internetov\u00e9 str\u00e1nky je preto v\u00fdlu\u010dne na vlastn\u00e9 riziko.<\/p>\n","protected":false},"excerpt":{"rendered":"Saller Dienstleistungs GmbHIn der Buttergrube 999428 Weimar\u2013Legefeld Saller Dienstleistungs GmbH zastupuje: V\u00fdkonn\u00fd riadite\u013e Josef Saller telef\u00f3n: +49 (0) 36 43 \/ 86 74 900Fax: +49 9426 \/ 80 35 51E-mail:&nbsp;info@saller-bau.com Register jurisdikcie: Amtsgericht JenaObchodn\u00fd registerRegistra\u010dn\u00e9 \u010d\u00edslo: HRB 516291VAT-Id:DE 327 394 002 Pr\u00e1vne inform\u00e1cie Pou\u017e\u00edvan\u00edm t\u00fdchto internetov\u00fdch str\u00e1nok vyjadrujete svoj s\u00fahlas s na\u0161imi Podmienkami pou\u017e\u00edvania a [&#8230;]<p><a class=\"btn btn-secondary understrap-read-more-link\" href=\"https:\/\/saller-leasing.com\/sk\/odtlacok\/\">\u010c\u00edta\u0165 viac&#8230;<span class=\"screen-reader-text\"> from Odtla\u010dok<\/span><\/a><\/p>","protected":false},"author":1,"featured_media":0,"parent":0,"menu_order":0,"comment_status":"closed","ping_status":"closed","template":"","meta":{"_acf_changed":false,"inline_featured_image":false,"postBodyCss":"","postBodyMargin":[],"postBodyPadding":[],"postBodyBackground":{"backgroundType":"classic","gradient":""},"footnotes":""},"class_list":["post-398","page","type-page","status-publish","hentry"],"featured_image_src":null,"acf":[],"yoast_head":"<!-- This site is optimized with the Yoast SEO plugin v27.5 - https:\/\/yoast.com\/product\/yoast-seo-wordpress\/ -->\n<title>Odtla\u010dok - Saller Leasing<\/title>\n<meta name=\"robots\" content=\"noindex, nofollow\" \/>\n<script type=\"application\/ld+json\" class=\"yoast-schema-graph\">{\"@context\":\"https:\\\/\\\/schema.org\",\"@graph\":[{\"@type\":\"WebPage\",\"@id\":\"https:\\\/\\\/saller-leasing.com\\\/sk\\\/odtlacok\\\/\",\"url\":\"https:\\\/\\\/saller-leasing.com\\\/sk\\\/odtlacok\\\/\",\"name\":\"Odtla\u010dok - Saller Leasing\",\"isPartOf\":{\"@id\":\"https:\\\/\\\/saller-leasing.com\\\/sk\\\/#website\"},\"datePublished\":\"2023-11-30T14:29:39+00:00\",\"dateModified\":\"2025-05-23T09:53:09+00:00\",\"breadcrumb\":{\"@id\":\"https:\\\/\\\/saller-leasing.com\\\/sk\\\/odtlacok\\\/#breadcrumb\"},\"inLanguage\":\"sk-SK\",\"potentialAction\":[{\"@type\":\"ReadAction\",\"target\":[\"https:\\\/\\\/saller-leasing.com\\\/sk\\\/odtlacok\\\/\"]}]},{\"@type\":\"BreadcrumbList\",\"@id\":\"https:\\\/\\\/saller-leasing.com\\\/sk\\\/odtlacok\\\/#breadcrumb\",\"itemListElement\":[{\"@type\":\"ListItem\",\"position\":1,\"name\":\"Startseite\",\"item\":\"https:\\\/\\\/saller-leasing.com\\\/sk\\\/domovska-stranka\\\/\"},{\"@type\":\"ListItem\",\"position\":2,\"name\":\"Odtla\u010dok\"}]},{\"@type\":\"WebSite\",\"@id\":\"https:\\\/\\\/saller-leasing.com\\\/sk\\\/#website\",\"url\":\"https:\\\/\\\/saller-leasing.com\\\/sk\\\/\",\"name\":\"Saller\",\"description\":\"\",\"publisher\":{\"@id\":\"https:\\\/\\\/saller-leasing.com\\\/sk\\\/#organization\"},\"potentialAction\":[{\"@type\":\"SearchAction\",\"target\":{\"@type\":\"EntryPoint\",\"urlTemplate\":\"https:\\\/\\\/saller-leasing.com\\\/sk\\\/?s={search_term_string}\"},\"query-input\":{\"@type\":\"PropertyValueSpecification\",\"valueRequired\":true,\"valueName\":\"search_term_string\"}}],\"inLanguage\":\"sk-SK\"},{\"@type\":\"Organization\",\"@id\":\"https:\\\/\\\/saller-leasing.com\\\/sk\\\/#organization\",\"name\":\"Saller Unternehmensgruppe\",\"url\":\"https:\\\/\\\/saller-leasing.com\\\/sk\\\/\",\"logo\":{\"@type\":\"ImageObject\",\"inLanguage\":\"sk-SK\",\"@id\":\"https:\\\/\\\/saller-leasing.com\\\/sk\\\/#\\\/schema\\\/logo\\\/image\\\/\",\"url\":\"https:\\\/\\\/saller-leasing.com\\\/wp-content\\\/uploads\\\/2025\\\/03\\\/Saller-ohne-Group_Immob-aus-Leidenschaft_Spruch-gross-01.png\",\"contentUrl\":\"https:\\\/\\\/saller-leasing.com\\\/wp-content\\\/uploads\\\/2025\\\/03\\\/Saller-ohne-Group_Immob-aus-Leidenschaft_Spruch-gross-01.png\",\"width\":1308,\"height\":270,\"caption\":\"Saller Unternehmensgruppe\"},\"image\":{\"@id\":\"https:\\\/\\\/saller-leasing.com\\\/sk\\\/#\\\/schema\\\/logo\\\/image\\\/\"},\"sameAs\":[\"https:\\\/\\\/www.linkedin.com\\\/in\\\/sallergroup\\\/\"]}]}<\/script>\n<!-- \/ Yoast SEO plugin. -->","yoast_head_json":{"title":"Odtla\u010dok - Saller Leasing","robots":{"index":"noindex","follow":"nofollow"},"schema":{"@context":"https:\/\/schema.org","@graph":[{"@type":"WebPage","@id":"https:\/\/saller-leasing.com\/sk\/odtlacok\/","url":"https:\/\/saller-leasing.com\/sk\/odtlacok\/","name":"Odtla\u010dok - Saller Leasing","isPartOf":{"@id":"https:\/\/saller-leasing.com\/sk\/#website"},"datePublished":"2023-11-30T14:29:39+00:00","dateModified":"2025-05-23T09:53:09+00:00","breadcrumb":{"@id":"https:\/\/saller-leasing.com\/sk\/odtlacok\/#breadcrumb"},"inLanguage":"sk-SK","potentialAction":[{"@type":"ReadAction","target":["https:\/\/saller-leasing.com\/sk\/odtlacok\/"]}]},{"@type":"BreadcrumbList","@id":"https:\/\/saller-leasing.com\/sk\/odtlacok\/#breadcrumb","itemListElement":[{"@type":"ListItem","position":1,"name":"Startseite","item":"https:\/\/saller-leasing.com\/sk\/domovska-stranka\/"},{"@type":"ListItem","position":2,"name":"Odtla\u010dok"}]},{"@type":"WebSite","@id":"https:\/\/saller-leasing.com\/sk\/#website","url":"https:\/\/saller-leasing.com\/sk\/","name":"Saller","description":"","publisher":{"@id":"https:\/\/saller-leasing.com\/sk\/#organization"},"potentialAction":[{"@type":"SearchAction","target":{"@type":"EntryPoint","urlTemplate":"https:\/\/saller-leasing.com\/sk\/?s={search_term_string}"},"query-input":{"@type":"PropertyValueSpecification","valueRequired":true,"valueName":"search_term_string"}}],"inLanguage":"sk-SK"},{"@type":"Organization","@id":"https:\/\/saller-leasing.com\/sk\/#organization","name":"Saller Unternehmensgruppe","url":"https:\/\/saller-leasing.com\/sk\/","logo":{"@type":"ImageObject","inLanguage":"sk-SK","@id":"https:\/\/saller-leasing.com\/sk\/#\/schema\/logo\/image\/","url":"https:\/\/saller-leasing.com\/wp-content\/uploads\/2025\/03\/Saller-ohne-Group_Immob-aus-Leidenschaft_Spruch-gross-01.png","contentUrl":"https:\/\/saller-leasing.com\/wp-content\/uploads\/2025\/03\/Saller-ohne-Group_Immob-aus-Leidenschaft_Spruch-gross-01.png","width":1308,"height":270,"caption":"Saller Unternehmensgruppe"},"image":{"@id":"https:\/\/saller-leasing.com\/sk\/#\/schema\/logo\/image\/"},"sameAs":["https:\/\/www.linkedin.com\/in\/sallergroup\/"]}]}},"_links":{"self":[{"href":"https:\/\/saller-leasing.com\/sk\/wp-json\/wp\/v2\/pages\/398","targetHints":{"allow":["GET"]}}],"collection":[{"href":"https:\/\/saller-leasing.com\/sk\/wp-json\/wp\/v2\/pages"}],"about":[{"href":"https:\/\/saller-leasing.com\/sk\/wp-json\/wp\/v2\/types\/page"}],"author":[{"embeddable":true,"href":"https:\/\/saller-leasing.com\/sk\/wp-json\/wp\/v2\/users\/1"}],"replies":[{"embeddable":true,"href":"https:\/\/saller-leasing.com\/sk\/wp-json\/wp\/v2\/comments?post=398"}],"version-history":[{"count":4,"href":"https:\/\/saller-leasing.com\/sk\/wp-json\/wp\/v2\/pages\/398\/revisions"}],"predecessor-version":[{"id":3033,"href":"https:\/\/saller-leasing.com\/sk\/wp-json\/wp\/v2\/pages\/398\/revisions\/3033"}],"wp:attachment":[{"href":"https:\/\/saller-leasing.com\/sk\/wp-json\/wp\/v2\/media?parent=398"}],"curies":[{"name":"wp","href":"https:\/\/api.w.org\/{rel}","templated":true}]}}